{"id":15848,"date":"2025-09-02T22:25:35","date_gmt":"2025-09-03T01:25:35","guid":{"rendered":"https:\/\/alexjmarques.com.br\/amaralemelo:8888\/?page_id=15848"},"modified":"2025-09-09T23:42:27","modified_gmt":"2025-09-10T02:42:27","slug":"observatorio-do-agro","status":"publish","type":"page","link":"https:\/\/alexjmarques.com.br\/amaralemelo\/observatorio-do-agro\/","title":{"rendered":"Observatorio do Agro"},"content":{"rendered":"\t\t<div data-elementor-type=\"wp-page\" data-elementor-id=\"15848\" class=\"elementor elementor-15848\" data-elementor-post-type=\"page\">\n\t\t\t\t<div data-particle_enable=\"false\" data-particle-mobile-disabled=\"false\" class=\"elementor-element elementor-element-6d0eed5 e-flex e-con-boxed e-con e-parent\" data-id=\"6d0eed5\" data-element_type=\"container\" data-settings=\"{&quot;background_background&quot;:&quot;classic&quot;}\">\n\t\t\t\t\t<div class=\"e-con-inner\">\n\t\t\t\t\t<\/div>\n\t\t\t\t<\/div>\n\t\t<div data-particle_enable=\"false\" data-particle-mobile-disabled=\"false\" class=\"elementor-element elementor-element-7150576 e-flex e-con-boxed e-con e-parent\" data-id=\"7150576\" data-element_type=\"container\" data-settings=\"{&quot;background_background&quot;:&quot;classic&quot;}\">\n\t\t\t\t\t<div class=\"e-con-inner\">\n\t\t<div data-particle_enable=\"false\" data-particle-mobile-disabled=\"false\" class=\"elementor-element elementor-element-0c756af e-con-full e-flex e-con e-child\" data-id=\"0c756af\" data-element_type=\"container\">\n\t\t\t\t<div class=\"elementor-element elementor-element-9a0b10b elementor-arrows-position-inside elementor-widget elementor-widget-loop-carousel\" data-id=\"9a0b10b\" data-element_type=\"widget\" data-settings=\"{&quot;template_id&quot;:&quot;14293&quot;,&quot;slides_to_show&quot;:&quot;1&quot;,&quot;slides_to_show_tablet&quot;:&quot;1&quot;,&quot;_skin&quot;:&quot;post&quot;,&quot;slides_to_show_mobile&quot;:&quot;1&quot;,&quot;slides_to_scroll&quot;:&quot;1&quot;,&quot;edit_handle_selector&quot;:&quot;.elementor-loop-container&quot;,&quot;autoplay&quot;:&quot;yes&quot;,&quot;autoplay_speed&quot;:5000,&quot;pause_on_hover&quot;:&quot;yes&quot;,&quot;pause_on_interaction&quot;:&quot;yes&quot;,&quot;infinite&quot;:&quot;yes&quot;,&quot;speed&quot;:500,&quot;offset_sides&quot;:&quot;none&quot;,&quot;arrows&quot;:&quot;yes&quot;,&quot;image_spacing_custom&quot;:{&quot;unit&quot;:&quot;px&quot;,&quot;size&quot;:10,&quot;sizes&quot;:[]},&quot;image_spacing_custom_tablet&quot;:{&quot;unit&quot;:&quot;px&quot;,&quot;size&quot;:&quot;&quot;,&quot;sizes&quot;:[]},&quot;image_spacing_custom_mobile&quot;:{&quot;unit&quot;:&quot;px&quot;,&quot;size&quot;:&quot;&quot;,&quot;sizes&quot;:[]}}\" data-widget_type=\"loop-carousel.post\">\n\t\t\t\t<div class=\"elementor-widget-container\">\n\t\t\t\t\t\t\t<div class=\"swiper elementor-loop-container elementor-grid\" role=\"list\" dir=\"ltr\">\n\t\t\t\t<div class=\"swiper-wrapper\" aria-live=\"off\">\n\t\t<style id=\"loop-dynamic-14293\">.e-loop-item-15713 .elementor-element.elementor-element-e527b63:not(.elementor-motion-effects-element-type-background), .e-loop-item-15713 .elementor-element.elementor-element-e527b63 > .elementor-motion-effects-container > .elementor-motion-effects-layer{background-image:url(\"https:\/\/alexjmarques.com.br\/amaralemelo\/wp-content\/uploads\/2025\/08\/ICMS-retroativo-na-transferencia-de-gado-como-a-ma-modulacao-gerou-caos-e-como-o-STF-enfim-corrigiu-o-rumo.png\");}<\/style><style id=\"loop-14293\">.elementor-14293 .elementor-element.elementor-element-e527b63{--display:flex;--min-height:422px;--flex-direction:column;--container-widget-width:100%;--container-widget-height:initial;--container-widget-flex-grow:0;--container-widget-align-self:initial;--flex-wrap-mobile:wrap;--justify-content:flex-end;--overlay-opacity:0.85;--border-radius:20px 20px 20px 20px;--padding-top:40px;--padding-bottom:40px;--padding-left:40px;--padding-right:40px;}.elementor-14293 .elementor-element.elementor-element-e527b63::before, .elementor-14293 .elementor-element.elementor-element-e527b63 > .elementor-background-video-container::before, .elementor-14293 .elementor-element.elementor-element-e527b63 > .e-con-inner > .elementor-background-video-container::before, .elementor-14293 .elementor-element.elementor-element-e527b63 > .elementor-background-slideshow::before, .elementor-14293 .elementor-element.elementor-element-e527b63 > .e-con-inner > .elementor-background-slideshow::before, .elementor-14293 .elementor-element.elementor-element-e527b63 > .elementor-motion-effects-container > .elementor-motion-effects-layer::before{background-color:#06244500;--background-overlay:'';}.elementor-14293 .elementor-element.elementor-element-e527b63:not(.elementor-motion-effects-element-type-background), .elementor-14293 .elementor-element.elementor-element-e527b63 > .elementor-motion-effects-container > .elementor-motion-effects-layer{background-position:center center;background-repeat:no-repeat;background-size:cover;}.elementor-14293 .elementor-element.elementor-element-49b4623{width:var( --container-widget-width, 75% );max-width:75%;--container-widget-width:75%;--container-widget-flex-grow:0;text-align:left;}.elementor-14293 .elementor-element.elementor-element-49b4623 .elementor-heading-title{font-size:24px;font-weight:600;line-height:1.1em;letter-spacing:0px;word-spacing:0px;color:#FFFFFF;}@media(max-width:1024px){.elementor-14293 .elementor-element.elementor-element-49b4623{text-align:left;}.elementor-14293 .elementor-element.elementor-element-49b4623 .elementor-heading-title{font-size:28px;}}@media(max-width:767px){.elementor-14293 .elementor-element.elementor-element-e527b63{--width:100%;--min-height:320px;--padding-top:20px;--padding-bottom:20px;--padding-left:20px;--padding-right:20px;}.elementor-14293 .elementor-element.elementor-element-49b4623{width:100%;max-width:100%;}.elementor-14293 .elementor-element.elementor-element-49b4623 .elementor-heading-title{font-size:22px;line-height:1.1em;}}@media(min-width:768px){.elementor-14293 .elementor-element.elementor-element-e527b63{--width:100%;}}@media(max-width:1024px) and (min-width:768px){.elementor-14293 .elementor-element.elementor-element-e527b63{--width:100%;}}@media(min-width:1025px){.elementor-14293 .elementor-element.elementor-element-e527b63:not(.elementor-motion-effects-element-type-background), .elementor-14293 .elementor-element.elementor-element-e527b63 > .elementor-motion-effects-container > .elementor-motion-effects-layer{background-attachment:scroll;}}<\/style>\t\t<div data-elementor-type=\"loop-item\" data-elementor-id=\"14293\" class=\"elementor elementor-14293 swiper-slide e-loop-item e-loop-item-15713 post-15713 post type-post status-publish format-standard has-post-thumbnail hentry category-artigos category-destaque tag-agronegocio tag-arrendamento-rural tag-contrato-de-gaveta tag-direito-tributario tag-fiscalizacao-receita-federal tag-lcdpr tag-multa-dirpf tag-obrigacao-acessoria tag-parceria-rural tag-planejamento-tributario-agro tag-produtor-rural tag-risco-fiscal\" data-elementor-post-type=\"elementor_library\" role=\"group\" aria-roledescription=\"slide\" data-custom-edit-handle=\"1\">\n\t\t\t<a data-particle_enable=\"false\" data-particle-mobile-disabled=\"false\" class=\"elementor-element elementor-element-e527b63 e-con-full e-flex e-con e-child\" data-id=\"e527b63\" data-element_type=\"container\" data-settings=\"{&quot;background_background&quot;:&quot;classic&quot;}\" href=\"https:\/\/alexjmarques.com.br\/amaralemelo\/artigos\/contrato-de-gaveta-agronegocio\/\">\n\t\t\t\t<div class=\"elementor-element elementor-element-49b4623 elementor-widget__width-initial elementor-widget-mobile__width-inherit elementor-widget elementor-widget-heading\" data-id=\"49b4623\" data-element_type=\"widget\" data-widget_type=\"heading.default\">\n\t\t\t\t<div class=\"elementor-widget-container\">\n\t\t\t\t\t<h2 class=\"elementor-heading-title elementor-size-default\">O Contrato de Arrendamento de Gaveta no Agro &#8211; A Garantia que Custou R$ 1 Milh\u00e3o e Colocou Parceiros em Risco<\/h2>\t\t\t\t<\/div>\n\t\t\t\t<\/div>\n\t\t\t\t<\/a>\n\t\t\t\t<\/div>\n\t\t<style id=\"loop-dynamic-14293\">.e-loop-item-15686 .elementor-element.elementor-element-e527b63:not(.elementor-motion-effects-element-type-background), .e-loop-item-15686 .elementor-element.elementor-element-e527b63 > .elementor-motion-effects-container > .elementor-motion-effects-layer{background-image:url(\"https:\/\/alexjmarques.com.br\/amaralemelo\/wp-content\/uploads\/2025\/08\/ICMS-retroativo-na-transferencia-de-gado-como-a-ma-modulacao-gerou-caos-e-como-o-STF-enfim-corrigiu-o-rumo.png\");}<\/style>\t\t<div data-elementor-type=\"loop-item\" data-elementor-id=\"14293\" class=\"elementor elementor-14293 swiper-slide e-loop-item e-loop-item-15686 post-15686 post type-post status-publish format-standard has-post-thumbnail hentry category-artigos category-3-minutos-ja-bastam tag-stf tag-adc-49 tag-agronegocio tag-autuacao-fiscal tag-cobranca-retroativa tag-direito-tributario tag-icms tag-mato-grosso tag-modulacao-de-efeitos tag-produtor-rural tag-restituicao-de-imposto tag-seguranca-juridica tag-transferencia-de-gado\" data-elementor-post-type=\"elementor_library\" role=\"group\" aria-roledescription=\"slide\" data-custom-edit-handle=\"1\">\n\t\t\t<a data-particle_enable=\"false\" data-particle-mobile-disabled=\"false\" class=\"elementor-element elementor-element-e527b63 e-con-full e-flex e-con e-child\" data-id=\"e527b63\" data-element_type=\"container\" data-settings=\"{&quot;background_background&quot;:&quot;classic&quot;}\" href=\"https:\/\/alexjmarques.com.br\/amaralemelo\/artigos\/icms-retroativo-transferencia-de-gado\/\">\n\t\t\t\t<div class=\"elementor-element elementor-element-49b4623 elementor-widget__width-initial elementor-widget-mobile__width-inherit elementor-widget elementor-widget-heading\" data-id=\"49b4623\" data-element_type=\"widget\" data-widget_type=\"heading.default\">\n\t\t\t\t<div class=\"elementor-widget-container\">\n\t\t\t\t\t<h2 class=\"elementor-heading-title elementor-size-default\">ICMS retroativo na transfer\u00eancia de gado: como a m\u00e1 modula\u00e7\u00e3o gerou caos e como o STF enfim corrigiu o rumo<\/h2>\t\t\t\t<\/div>\n\t\t\t\t<\/div>\n\t\t\t\t<\/a>\n\t\t\t\t<\/div>\n\t\t<style id=\"loop-dynamic-14293\">.e-loop-item-15284 .elementor-element.elementor-element-e527b63:not(.elementor-motion-effects-element-type-background), .e-loop-item-15284 .elementor-element.elementor-element-e527b63 > .elementor-motion-effects-container > .elementor-motion-effects-layer{background-image:url(\"https:\/\/alexjmarques.com.br\/amaralemelo\/wp-content\/uploads\/2025\/07\/Tarifaco-Taxacoes-Donald-Trump-e-os-impactos-no-agronegocio.jpg\");}<\/style>\t\t<div data-elementor-type=\"loop-item\" data-elementor-id=\"14293\" class=\"elementor elementor-14293 swiper-slide e-loop-item e-loop-item-15284 post-15284 post type-post status-publish format-standard has-post-thumbnail hentry category-artigos tag-agronegocio tag-estrategias-agro tag-exportacoes tag-mercados-internacionais tag-tarifaco tag-taxacoes tag-trump\" data-elementor-post-type=\"elementor_library\" role=\"group\" aria-roledescription=\"slide\" data-custom-edit-handle=\"1\">\n\t\t\t<a data-particle_enable=\"false\" data-particle-mobile-disabled=\"false\" class=\"elementor-element elementor-element-e527b63 e-con-full e-flex e-con e-child\" data-id=\"e527b63\" data-element_type=\"container\" data-settings=\"{&quot;background_background&quot;:&quot;classic&quot;}\" href=\"https:\/\/alexjmarques.com.br\/amaralemelo\/artigos\/tarifaco-de-trump-como-a-taxacao-pode-redesenhar-o-agronegocio-brasileiro\/\">\n\t\t\t\t<div class=\"elementor-element elementor-element-49b4623 elementor-widget__width-initial elementor-widget-mobile__width-inherit elementor-widget elementor-widget-heading\" data-id=\"49b4623\" data-element_type=\"widget\" data-widget_type=\"heading.default\">\n\t\t\t\t<div class=\"elementor-widget-container\">\n\t\t\t\t\t<h2 class=\"elementor-heading-title elementor-size-default\">Tarifa\u00e7o de Trump: como a taxa\u00e7\u00e3o pode redesenhar o Agroneg\u00f3cio Brasileiro?<\/h2>\t\t\t\t<\/div>\n\t\t\t\t<\/div>\n\t\t\t\t<\/a>\n\t\t\t\t<\/div>\n\t\t<style id=\"loop-dynamic-14293\">.e-loop-item-15237 .elementor-element.elementor-element-e527b63:not(.elementor-motion-effects-element-type-background), .e-loop-item-15237 .elementor-element.elementor-element-e527b63 > .elementor-motion-effects-container > .elementor-motion-effects-layer{background-image:url(\"https:\/\/alexjmarques.com.br\/amaralemelo\/wp-content\/uploads\/2025\/07\/DSC01454-2-edited-scaled.png\");}<\/style>\t\t<div data-elementor-type=\"loop-item\" data-elementor-id=\"14293\" class=\"elementor elementor-14293 swiper-slide e-loop-item e-loop-item-15237 post-15237 post type-post status-publish format-standard has-post-thumbnail hentry category-eventos\" data-elementor-post-type=\"elementor_library\" role=\"group\" aria-roledescription=\"slide\" data-custom-edit-handle=\"1\">\n\t\t\t<a data-particle_enable=\"false\" data-particle-mobile-disabled=\"false\" class=\"elementor-element elementor-element-e527b63 e-con-full e-flex e-con e-child\" data-id=\"e527b63\" data-element_type=\"container\" data-settings=\"{&quot;background_background&quot;:&quot;classic&quot;}\" href=\"https:\/\/alexjmarques.com.br\/amaralemelo\/eventos\/uma-nova-marca-mas-com-o-mesmo-profissionalismo\/\">\n\t\t\t\t<div class=\"elementor-element elementor-element-49b4623 elementor-widget__width-initial elementor-widget-mobile__width-inherit elementor-widget elementor-widget-heading\" data-id=\"49b4623\" data-element_type=\"widget\" data-widget_type=\"heading.default\">\n\t\t\t\t<div class=\"elementor-widget-container\">\n\t\t\t\t\t<h2 class=\"elementor-heading-title elementor-size-default\">Uma Nova Marca, a Mesma Ess\u00eancia: Protegendo o que o Produtor Rural Cultiva<\/h2>\t\t\t\t<\/div>\n\t\t\t\t<\/div>\n\t\t\t\t<\/a>\n\t\t\t\t<\/div>\n\t\t\t\t<div data-elementor-type=\"loop-item\" data-elementor-id=\"14293\" class=\"elementor elementor-14293 swiper-slide e-loop-item e-loop-item-13751 post-13751 post type-post status-publish format-standard hentry category-artigos\" data-elementor-post-type=\"elementor_library\" role=\"group\" aria-roledescription=\"slide\" data-custom-edit-handle=\"1\">\n\t\t\t<a data-particle_enable=\"false\" data-particle-mobile-disabled=\"false\" class=\"elementor-element elementor-element-e527b63 e-con-full e-flex e-con e-child\" data-id=\"e527b63\" data-element_type=\"container\" data-settings=\"{&quot;background_background&quot;:&quot;classic&quot;}\" href=\"https:\/\/alexjmarques.com.br\/amaralemelo\/artigos\/atencao-produtor-rural-novas-regras-para-a-contagem-de-prazos-processuais\/\">\n\t\t\t\t<div class=\"elementor-element elementor-element-49b4623 elementor-widget__width-initial elementor-widget-mobile__width-inherit elementor-widget elementor-widget-heading\" data-id=\"49b4623\" data-element_type=\"widget\" data-widget_type=\"heading.default\">\n\t\t\t\t<div class=\"elementor-widget-container\">\n\t\t\t\t\t<h2 class=\"elementor-heading-title elementor-size-default\">Aten\u00e7\u00e3o, produtor rural: novas regras para a contagem de prazos processuais<\/h2>\t\t\t\t<\/div>\n\t\t\t\t<\/div>\n\t\t\t\t<\/a>\n\t\t\t\t<\/div>\n\t\t<style id=\"loop-dynamic-14293\">.e-loop-item-13668 .elementor-element.elementor-element-e527b63:not(.elementor-motion-effects-element-type-background), .e-loop-item-13668 .elementor-element.elementor-element-e527b63 > .elementor-motion-effects-container > .elementor-motion-effects-layer{background-image:url(\"https:\/\/alexjmarques.com.br\/amaralemelo\/wp-content\/uploads\/2024\/11\/image.png\");}<\/style>\t\t<div data-elementor-type=\"loop-item\" data-elementor-id=\"14293\" class=\"elementor elementor-14293 swiper-slide e-loop-item e-loop-item-13668 post-13668 post type-post status-publish format-standard has-post-thumbnail hentry category-artigos\" data-elementor-post-type=\"elementor_library\" role=\"group\" aria-roledescription=\"slide\" data-custom-edit-handle=\"1\">\n\t\t\t<a data-particle_enable=\"false\" data-particle-mobile-disabled=\"false\" class=\"elementor-element elementor-element-e527b63 e-con-full e-flex e-con e-child\" data-id=\"e527b63\" data-element_type=\"container\" data-settings=\"{&quot;background_background&quot;:&quot;classic&quot;}\" href=\"https:\/\/alexjmarques.com.br\/amaralemelo\/artigos\/transacao-tributaria-regularize-suas-dividas-com-as-novas-regras\/\">\n\t\t\t\t<div class=\"elementor-element elementor-element-49b4623 elementor-widget__width-initial elementor-widget-mobile__width-inherit elementor-widget elementor-widget-heading\" data-id=\"49b4623\" data-element_type=\"widget\" data-widget_type=\"heading.default\">\n\t\t\t\t<div class=\"elementor-widget-container\">\n\t\t\t\t\t<h2 class=\"elementor-heading-title elementor-size-default\">Transa\u00e7\u00e3o Tribut\u00e1ria: regularize suas d\u00edvidas com as novas regras<\/h2>\t\t\t\t<\/div>\n\t\t\t\t<\/div>\n\t\t\t\t<\/a>\n\t\t\t\t<\/div>\n\t\t\t\t<\/div>\n\t\t<\/div>\n\t\t\t\t\t<div class=\"elementor-swiper-button elementor-swiper-button-prev\" role=\"button\" tabindex=\"0\" aria-label=\"Anterior\">\n\t\t\t\t<i aria-hidden=\"true\" class=\"eicon-chevron-left\"><\/i>\t\t\t<\/div>\n\t\t\t<div class=\"elementor-swiper-button elementor-swiper-button-next\" role=\"button\" tabindex=\"0\" aria-label=\"Pr\u00f3ximo\">\n\t\t\t\t<i aria-hidden=\"true\" class=\"eicon-chevron-right\"><\/i>\t\t\t<\/div>\n\t\t\t\t\t\t<\/div>\n\t\t\t\t<\/div>\n\t\t\t\t<\/div>\n\t\t<div data-particle_enable=\"false\" data-particle-mobile-disabled=\"false\" class=\"elementor-element elementor-element-116a31c e-con-full e-flex e-con e-child\" data-id=\"116a31c\" data-element_type=\"container\">\n\t\t<div data-particle_enable=\"false\" data-particle-mobile-disabled=\"false\" class=\"elementor-element elementor-element-09603f0 e-con-full e-flex e-con e-child\" data-id=\"09603f0\" data-element_type=\"container\">\n\t\t\t\t<div class=\"elementor-element elementor-element-732acb8 elementor-widget elementor-widget-heading\" data-id=\"732acb8\" data-element_type=\"widget\" data-widget_type=\"heading.default\">\n\t\t\t\t<div class=\"elementor-widget-container\">\n\t\t\t\t\t<h2 class=\"elementor-heading-title elementor-size-default\">Refer\u00eancia em conhecimento jur\u00eddico e tribut\u00e1rio<\/h2>\t\t\t\t<\/div>\n\t\t\t\t<\/div>\n\t\t\t\t<div class=\"elementor-element elementor-element-6bf2180 elementor-widget elementor-widget-text-editor\" data-id=\"6bf2180\" data-element_type=\"widget\" data-widget_type=\"text-editor.default\">\n\t\t\t\t<div class=\"elementor-widget-container\">\n\t\t\t\t\t\t\t\t\t<p>Nossos especialistas unem experi\u00eancia pr\u00e1tica e vis\u00e3o cr\u00edtica para entregar an\u00e1lises completas, capazes de contextualizar mudan\u00e7as legislativas, impactos econ\u00f4micos e transforma\u00e7\u00f5es do mercado.<\/p><p>Mais que informar, buscamos orientar, formando uma base s\u00f3lida para que l\u00edderes, empresas e profissionais encontrem seguran\u00e7a e clareza em suas escolhas.<\/p>\t\t\t\t\t\t\t\t<\/div>\n\t\t\t\t<\/div>\n\t\t\t\t<\/div>\n\t\t<div data-particle_enable=\"false\" data-particle-mobile-disabled=\"false\" class=\"elementor-element elementor-element-ba6731d e-con-full e-flex e-con e-child\" data-id=\"ba6731d\" data-element_type=\"container\">\n\t\t<div data-particle_enable=\"false\" data-particle-mobile-disabled=\"false\" class=\"elementor-element elementor-element-c60aa23 e-grid e-con-full e-con e-child\" data-id=\"c60aa23\" data-element_type=\"container\">\n\t\t\t\t<div class=\"elementor-element elementor-element-5fda7bd elementor-widget elementor-widget-heading\" data-id=\"5fda7bd\" data-element_type=\"widget\" data-widget_type=\"heading.default\">\n\t\t\t\t<div class=\"elementor-widget-container\">\n\t\t\t\t\t<h2 class=\"elementor-heading-title elementor-size-default\">Estamos tamb\u00e9m nas plataformas<\/h2>\t\t\t\t<\/div>\n\t\t\t\t<\/div>\n\t\t\t\t<div class=\"elementor-element elementor-element-2d16bf2 elementor-shape-circle e-grid-align-left elementor-grid-0 elementor-widget elementor-widget-social-icons\" data-id=\"2d16bf2\" data-element_type=\"widget\" data-widget_type=\"social-icons.default\">\n\t\t\t\t<div class=\"elementor-widget-container\">\n\t\t\t\t\t\t\t<div class=\"elementor-social-icons-wrapper elementor-grid\" role=\"list\">\n\t\t\t\t\t\t\t<span class=\"elementor-grid-item\" role=\"listitem\">\n\t\t\t\t\t<a class=\"elementor-icon elementor-social-icon elementor-social-icon-spotify elementor-repeater-item-2015ede\" href=\"https:\/\/open.spotify.com\/show\/7dxkcebNg6shAqCjy63t6y?si=1329878e30054336\" target=\"_blank\" rel=\"noopener\">\n\t\t\t\t\t\t<span class=\"elementor-screen-only\">Spotify<\/span>\n\t\t\t\t\t\t<i class=\"fab fa-spotify\"><\/i>\t\t\t\t\t<\/a>\n\t\t\t\t<\/span>\n\t\t\t\t\t\t\t<span class=\"elementor-grid-item\" role=\"listitem\">\n\t\t\t\t\t<a class=\"elementor-icon elementor-social-icon elementor-social-icon-youtube elementor-repeater-item-f0e628c\" href=\"https:\/\/open.spotify.com\/show\/7dxkcebNg6shAqCjy63t6y?si=1329878e30054336\" target=\"_blank\" rel=\"noopener\">\n\t\t\t\t\t\t<span class=\"elementor-screen-only\">Youtube<\/span>\n\t\t\t\t\t\t<i class=\"fab fa-youtube\"><\/i>\t\t\t\t\t<\/a>\n\t\t\t\t<\/span>\n\t\t\t\t\t\t\t<span class=\"elementor-grid-item\" role=\"listitem\">\n\t\t\t\t\t<a class=\"elementor-icon elementor-social-icon elementor-social-icon-linkedin elementor-repeater-item-63bf700\" href=\"https:\/\/www.linkedin.com\/uas\/login?session_redirect=%2Fcompany%2F10141666\" target=\"_blank\" rel=\"noopener\">\n\t\t\t\t\t\t<span class=\"elementor-screen-only\">Linkedin<\/span>\n\t\t\t\t\t\t<i class=\"fab fa-linkedin\"><\/i>\t\t\t\t\t<\/a>\n\t\t\t\t<\/span>\n\t\t\t\t\t\t\t<span class=\"elementor-grid-item\" role=\"listitem\">\n\t\t\t\t\t<a class=\"elementor-icon elementor-social-icon elementor-social-icon-instagram elementor-repeater-item-b79da98\" href=\"https:\/\/www.instagram.com\/amaralemelo.advogados\/\" target=\"_blank\" rel=\"noopener\">\n\t\t\t\t\t\t<span class=\"elementor-screen-only\">Instagram<\/span>\n\t\t\t\t\t\t<i class=\"fab fa-instagram\"><\/i>\t\t\t\t\t<\/a>\n\t\t\t\t<\/span>\n\t\t\t\t\t\t\t<span class=\"elementor-grid-item\" role=\"listitem\">\n\t\t\t\t\t<a class=\"elementor-icon elementor-social-icon elementor-social-icon-facebook elementor-repeater-item-d5ff9bd\" href=\"https:\/\/www.facebook.com\/advogadosamaralemelo\" target=\"_blank\" rel=\"noopener\">\n\t\t\t\t\t\t<span class=\"elementor-screen-only\">Facebook<\/span>\n\t\t\t\t\t\t<i class=\"fab fa-facebook\"><\/i>\t\t\t\t\t<\/a>\n\t\t\t\t<\/span>\n\t\t\t\t\t<\/div>\n\t\t\t\t\t\t<\/div>\n\t\t\t\t<\/div>\n\t\t\t\t<\/div>\n\t\t\t\t<\/div>\n\t\t\t\t<\/div>\n\t\t\t\t\t<\/div>\n\t\t\t\t<\/div>\n\t\t\t\t<section data-particle_enable=\"false\" data-particle-mobile-disabled=\"false\" class=\"elementor-section elementor-top-section elementor-element elementor-element-198efded elementor-section-boxed elementor-section-height-default elementor-section-height-default\" data-id=\"198efded\" data-element_type=\"section\" data-settings=\"{&quot;background_background&quot;:&quot;classic&quot;}\">\n\t\t\t\t\t\t<div class=\"elementor-container elementor-column-gap-default\">\n\t\t\t\t\t<div class=\"elementor-column elementor-col-100 elementor-top-column elementor-element elementor-element-eee0c15\" data-id=\"eee0c15\" data-element_type=\"column\">\n\t\t\t<div class=\"elementor-widget-wrap elementor-element-populated\">\n\t\t\t\t\t\t<section data-particle_enable=\"false\" data-particle-mobile-disabled=\"false\" class=\"elementor-section elementor-inner-section elementor-element elementor-element-17995452 elementor-section-boxed elementor-section-height-default elementor-section-height-default\" data-id=\"17995452\" data-element_type=\"section\">\n\t\t\t\t\t\t<div class=\"elementor-container elementor-column-gap-default\">\n\t\t\t\t\t<div class=\"elementor-column elementor-col-70 elementor-top-column elementor-element elementor-element-489f83d8\" data-id=\"489f83d8\" data-element_type=\"column\">\n\t\t\t<div class=\"elementor-widget-wrap elementor-element-populated\">\n\t\t\t\t\t\t<div class=\"elementor-element elementor-element-6c8d21f4 elementor-widget elementor-widget-heading\" data-id=\"6c8d21f4\" data-element_type=\"widget\" data-widget_type=\"heading.default\">\n\t\t\t\t<div class=\"elementor-widget-container\">\n\t\t\t\t\t<h2 class=\"elementor-heading-title elementor-size-default\">3 Minutos j\u00e1 bastam<\/h2>\t\t\t\t<\/div>\n\t\t\t\t<\/div>\n\t\t\t\t\t<\/div>\n\t\t<\/div>\n\t\t\t\t<div class=\"elementor-column elementor-col-30 elementor-top-column elementor-element elementor-element-780dd96e\" data-id=\"780dd96e\" data-element_type=\"column\">\n\t\t\t<div class=\"elementor-widget-wrap\">\n\t\t\t\t\t\t\t<\/div>\n\t\t<\/div>\n\t\t\t\t\t<\/div>\n\t\t<\/section>\n\t\t\t\t<div class=\"elementor-element elementor-element-136c5678 elementor-grid-4 elementor-grid-tablet-2 elementor-grid-mobile-1 elementor-posts--thumbnail-top elementor-widget elementor-widget-posts\" data-id=\"136c5678\" data-element_type=\"widget\" data-settings=\"{&quot;classic_columns&quot;:&quot;4&quot;,&quot;classic_columns_tablet&quot;:&quot;2&quot;,&quot;classic_columns_mobile&quot;:&quot;1&quot;,&quot;classic_row_gap&quot;:{&quot;unit&quot;:&quot;px&quot;,&quot;size&quot;:35,&quot;sizes&quot;:[]},&quot;classic_row_gap_tablet&quot;:{&quot;unit&quot;:&quot;px&quot;,&quot;size&quot;:&quot;&quot;,&quot;sizes&quot;:[]},&quot;classic_row_gap_mobile&quot;:{&quot;unit&quot;:&quot;px&quot;,&quot;size&quot;:&quot;&quot;,&quot;sizes&quot;:[]}}\" data-widget_type=\"posts.classic\">\n\t\t\t\t<div class=\"elementor-widget-container\">\n\t\t\t\t\t\t\t<div class=\"elementor-posts-container elementor-posts elementor-posts--skin-classic elementor-grid\" role=\"list\">\n\t\t\t\t<article class=\"elementor-post elementor-grid-item post-15686 post type-post status-publish format-standard has-post-thumbnail hentry category-artigos category-3-minutos-ja-bastam tag-stf tag-adc-49 tag-agronegocio tag-autuacao-fiscal tag-cobranca-retroativa tag-direito-tributario tag-icms tag-mato-grosso tag-modulacao-de-efeitos tag-produtor-rural tag-restituicao-de-imposto tag-seguranca-juridica tag-transferencia-de-gado\" role=\"listitem\">\n\t\t\t\t<a class=\"elementor-post__thumbnail__link\" href=\"https:\/\/alexjmarques.com.br\/amaralemelo\/artigos\/icms-retroativo-transferencia-de-gado\/\" tabindex=\"-1\">\n\t\t\t<div class=\"elementor-post__thumbnail\"><img fetchpriority=\"high\" decoding=\"async\" width=\"300\" height=\"169\" src=\"https:\/\/alexjmarques.com.br\/amaralemelo\/wp-content\/uploads\/2025\/08\/ICMS-retroativo-na-transferencia-de-gado-como-a-ma-modulacao-gerou-caos-e-como-o-STF-enfim-corrigiu-o-rumo-300x169.png\" class=\"attachment-medium size-medium wp-image-15688\" alt=\"ICMS retroativo na transfer\u00eancia de gado: como a m\u00e1 modula\u00e7\u00e3o gerou caos e como o STF enfim corrigiu o rumo\" srcset=\"https:\/\/alexjmarques.com.br\/amaralemelo\/wp-content\/uploads\/2025\/08\/ICMS-retroativo-na-transferencia-de-gado-como-a-ma-modulacao-gerou-caos-e-como-o-STF-enfim-corrigiu-o-rumo-300x169.png 300w, https:\/\/alexjmarques.com.br\/amaralemelo\/wp-content\/uploads\/2025\/08\/ICMS-retroativo-na-transferencia-de-gado-como-a-ma-modulacao-gerou-caos-e-como-o-STF-enfim-corrigiu-o-rumo-1024x576.png 1024w, https:\/\/alexjmarques.com.br\/amaralemelo\/wp-content\/uploads\/2025\/08\/ICMS-retroativo-na-transferencia-de-gado-como-a-ma-modulacao-gerou-caos-e-como-o-STF-enfim-corrigiu-o-rumo-768x432.png 768w, https:\/\/alexjmarques.com.br\/amaralemelo\/wp-content\/uploads\/2025\/08\/ICMS-retroativo-na-transferencia-de-gado-como-a-ma-modulacao-gerou-caos-e-como-o-STF-enfim-corrigiu-o-rumo.png 1114w\" sizes=\"(max-width: 300px) 100vw, 300px\" \/><\/div>\n\t\t<\/a>\n\t\t\t\t<div class=\"elementor-post__text\">\n\t\t\t\t<h3 class=\"elementor-post__title\">\n\t\t\t<a href=\"https:\/\/alexjmarques.com.br\/amaralemelo\/artigos\/icms-retroativo-transferencia-de-gado\/\">\n\t\t\t\tICMS retroativo na transfer\u00eancia de gado: como a m\u00e1 modula\u00e7\u00e3o gerou caos e como o STF enfim corrigiu o rumo\t\t\t<\/a>\n\t\t<\/h3>\n\t\t\t\t<div class=\"elementor-post__excerpt\">\n\t\t\t<p>Uma decis\u00e3o mal modulada do STF sobre o ICMS na transfer\u00eancia de gado criou um\t\t<\/div>\n\t\t\t\t<\/div>\n\t\t\t\t<\/article>\n\t\t\t\t<article class=\"elementor-post elementor-grid-item post-13269 post type-post status-publish format-standard has-post-thumbnail hentry category-3-minutos-ja-bastam category-artigos tag-advocacia-rural tag-agro tag-agronegocio tag-produtor-rural\" role=\"listitem\">\n\t\t\t\t<a class=\"elementor-post__thumbnail__link\" href=\"https:\/\/alexjmarques.com.br\/amaralemelo\/artigos\/direitos-trabalhistas-no-campo-como-garantir-que-sejam-cumpridos-nas-fazendas\/\" tabindex=\"-1\">\n\t\t\t<div class=\"elementor-post__thumbnail\"><img decoding=\"async\" width=\"300\" height=\"223\" src=\"https:\/\/alexjmarques.com.br\/amaralemelo\/wp-content\/uploads\/2025\/05\/thiago-amaral-6-scaled-e1746439210509-300x223.jpg\" class=\"attachment-medium size-medium wp-image-13270\" alt=\"\" srcset=\"https:\/\/alexjmarques.com.br\/amaralemelo\/wp-content\/uploads\/2025\/05\/thiago-amaral-6-scaled-e1746439210509-300x223.jpg 300w, https:\/\/alexjmarques.com.br\/amaralemelo\/wp-content\/uploads\/2025\/05\/thiago-amaral-6-scaled-e1746439210509-1024x762.jpg 1024w, https:\/\/alexjmarques.com.br\/amaralemelo\/wp-content\/uploads\/2025\/05\/thiago-amaral-6-scaled-e1746439210509-768x571.jpg 768w, https:\/\/alexjmarques.com.br\/amaralemelo\/wp-content\/uploads\/2025\/05\/thiago-amaral-6-scaled-e1746439210509-1536x1143.jpg 1536w, https:\/\/alexjmarques.com.br\/amaralemelo\/wp-content\/uploads\/2025\/05\/thiago-amaral-6-scaled-e1746439210509.jpg 1680w\" sizes=\"(max-width: 300px) 100vw, 300px\" \/><\/div>\n\t\t<\/a>\n\t\t\t\t<div class=\"elementor-post__text\">\n\t\t\t\t<h3 class=\"elementor-post__title\">\n\t\t\t<a href=\"https:\/\/alexjmarques.com.br\/amaralemelo\/artigos\/direitos-trabalhistas-no-campo-como-garantir-que-sejam-cumpridos-nas-fazendas\/\">\n\t\t\t\tDireitos Trabalhistas no Campo: Como garantir que sejam cumpridos nas fazendas\t\t\t<\/a>\n\t\t<\/h3>\n\t\t\t\t<div class=\"elementor-post__excerpt\">\n\t\t\t<p>O agroneg\u00f3cio \u00e9 um dos motores da economia brasileira \u2014 disso ningu\u00e9m duvida. Mas, por<\/p>\n\t\t<\/div>\n\t\t\t\t<\/div>\n\t\t\t\t<\/article>\n\t\t\t\t<article class=\"elementor-post elementor-grid-item post-12957 post type-post status-publish format-standard has-post-thumbnail hentry category-3-minutos-ja-bastam category-artigos\" role=\"listitem\">\n\t\t\t\t<a class=\"elementor-post__thumbnail__link\" href=\"https:\/\/alexjmarques.com.br\/amaralemelo\/artigos\/profissionalizacao-e-alternativa-para-minimizar-problemas-trabalhistas-no-campo\/\" tabindex=\"-1\">\n\t\t\t<div class=\"elementor-post__thumbnail\"><img decoding=\"async\" width=\"225\" height=\"300\" src=\"https:\/\/alexjmarques.com.br\/amaralemelo\/wp-content\/uploads\/2025\/04\/thiago-amaral-5-225x300.jpg\" class=\"attachment-medium size-medium wp-image-12959\" alt=\"\" srcset=\"https:\/\/alexjmarques.com.br\/amaralemelo\/wp-content\/uploads\/2025\/04\/thiago-amaral-5-225x300.jpg 225w, https:\/\/alexjmarques.com.br\/amaralemelo\/wp-content\/uploads\/2025\/04\/thiago-amaral-5-768x1024.jpg 768w, https:\/\/alexjmarques.com.br\/amaralemelo\/wp-content\/uploads\/2025\/04\/thiago-amaral-5-1152x1536.jpg 1152w, https:\/\/alexjmarques.com.br\/amaralemelo\/wp-content\/uploads\/2025\/04\/thiago-amaral-5-scaled.jpg 1920w\" sizes=\"(max-width: 225px) 100vw, 225px\" \/><\/div>\n\t\t<\/a>\n\t\t\t\t<div class=\"elementor-post__text\">\n\t\t\t\t<h3 class=\"elementor-post__title\">\n\t\t\t<a href=\"https:\/\/alexjmarques.com.br\/amaralemelo\/artigos\/profissionalizacao-e-alternativa-para-minimizar-problemas-trabalhistas-no-campo\/\">\n\t\t\t\tPROFISSIONALIZA\u00c7\u00c3O \u00c9 ALTERNATIVA PARA MINIMIZAR PROBLEMAS TRABALHISTAS NO CAMPO\t\t\t<\/a>\n\t\t<\/h3>\n\t\t\t\t<div class=\"elementor-post__excerpt\">\n\t\t\t<p>O direito trabalhista no setor agropecu\u00e1rio, embora siga as mesmas normas que o urbano, enfrenta<\/p>\n\t\t<\/div>\n\t\t\t\t<\/div>\n\t\t\t\t<\/article>\n\t\t\t\t<\/div>\n\t\t\n\t\t\t\t\t\t<\/div>\n\t\t\t\t<\/div>\n\t\t\t\t\t<\/div>\n\t\t<\/div>\n\t\t\t\t\t<\/div>\n\t\t<\/section>\n\t\t\t\t<section data-particle_enable=\"false\" data-particle-mobile-disabled=\"false\" class=\"elementor-section elementor-top-section elementor-element elementor-element-a7dd17f elementor-section-boxed elementor-section-height-default elementor-section-height-default\" data-id=\"a7dd17f\" data-element_type=\"section\" data-settings=\"{&quot;background_background&quot;:&quot;classic&quot;}\">\n\t\t\t\t\t\t<div class=\"elementor-container elementor-column-gap-default\">\n\t\t\t\t\t<div class=\"elementor-column elementor-col-100 elementor-top-column elementor-element elementor-element-8a4337e\" data-id=\"8a4337e\" data-element_type=\"column\">\n\t\t\t<div class=\"elementor-widget-wrap elementor-element-populated\">\n\t\t\t\t\t\t<section data-particle_enable=\"false\" data-particle-mobile-disabled=\"false\" class=\"elementor-section elementor-inner-section elementor-element elementor-element-e755c19 elementor-section-boxed elementor-section-height-default elementor-section-height-default\" data-id=\"e755c19\" data-element_type=\"section\">\n\t\t\t\t\t\t<div class=\"elementor-container elementor-column-gap-default\">\n\t\t\t\t\t<div class=\"elementor-column elementor-col-70 elementor-top-column elementor-element elementor-element-5f47f06\" data-id=\"5f47f06\" data-element_type=\"column\">\n\t\t\t<div class=\"elementor-widget-wrap elementor-element-populated\">\n\t\t\t\t\t\t<div class=\"elementor-element elementor-element-5171afd elementor-widget elementor-widget-heading\" data-id=\"5171afd\" data-element_type=\"widget\" data-widget_type=\"heading.default\">\n\t\t\t\t<div class=\"elementor-widget-container\">\n\t\t\t\t\t<h2 class=\"elementor-heading-title elementor-size-default\">Na M\u00eddia<\/h2>\t\t\t\t<\/div>\n\t\t\t\t<\/div>\n\t\t\t\t\t<\/div>\n\t\t<\/div>\n\t\t\t\t<div class=\"elementor-column elementor-col-30 elementor-top-column elementor-element elementor-element-c429719\" data-id=\"c429719\" data-element_type=\"column\">\n\t\t\t<div class=\"elementor-widget-wrap\">\n\t\t\t\t\t\t\t<\/div>\n\t\t<\/div>\n\t\t\t\t\t<\/div>\n\t\t<\/section>\n\t\t\t\t<div class=\"elementor-element elementor-element-1ee4271 elementor-grid-3 elementor-grid-tablet-2 elementor-grid-mobile-1 elementor-posts--thumbnail-top elementor-widget elementor-widget-posts\" data-id=\"1ee4271\" data-element_type=\"widget\" data-settings=\"{&quot;classic_columns&quot;:&quot;3&quot;,&quot;classic_columns_tablet&quot;:&quot;2&quot;,&quot;classic_columns_mobile&quot;:&quot;1&quot;,&quot;classic_row_gap&quot;:{&quot;unit&quot;:&quot;px&quot;,&quot;size&quot;:35,&quot;sizes&quot;:[]},&quot;classic_row_gap_tablet&quot;:{&quot;unit&quot;:&quot;px&quot;,&quot;size&quot;:&quot;&quot;,&quot;sizes&quot;:[]},&quot;classic_row_gap_mobile&quot;:{&quot;unit&quot;:&quot;px&quot;,&quot;size&quot;:&quot;&quot;,&quot;sizes&quot;:[]}}\" data-widget_type=\"posts.classic\">\n\t\t\t\t<div class=\"elementor-widget-container\">\n\t\t\t\t\t\t\t<div class=\"elementor-posts-container elementor-posts elementor-posts--skin-classic elementor-grid\" role=\"list\">\n\t\t\t\t<article class=\"elementor-post elementor-grid-item post-13620 post type-post status-publish format-standard has-post-thumbnail hentry category-na-midia\" role=\"listitem\">\n\t\t\t\t<a class=\"elementor-post__thumbnail__link\" href=\"https:\/\/alexjmarques.com.br\/amaralemelo\/na-midia\/banca-amaral-e-melo-advogados-contrata-advogadoa-civel-e-estagiarioa-de-direito\/\" tabindex=\"-1\">\n\t\t\t<div class=\"elementor-post__thumbnail\"><img loading=\"lazy\" decoding=\"async\" width=\"300\" height=\"225\" src=\"https:\/\/alexjmarques.com.br\/amaralemelo\/wp-content\/uploads\/2024\/03\/WhatsApp-Image-2024-01-16-at-19.00.22-2-300x225.jpeg\" class=\"attachment-medium size-medium wp-image-7249\" alt=\"\" srcset=\"https:\/\/alexjmarques.com.br\/amaralemelo\/wp-content\/uploads\/2024\/03\/WhatsApp-Image-2024-01-16-at-19.00.22-2-300x225.jpeg 300w, https:\/\/alexjmarques.com.br\/amaralemelo\/wp-content\/uploads\/2024\/03\/WhatsApp-Image-2024-01-16-at-19.00.22-2-1024x768.jpeg 1024w, https:\/\/alexjmarques.com.br\/amaralemelo\/wp-content\/uploads\/2024\/03\/WhatsApp-Image-2024-01-16-at-19.00.22-2-768x576.jpeg 768w, https:\/\/alexjmarques.com.br\/amaralemelo\/wp-content\/uploads\/2024\/03\/WhatsApp-Image-2024-01-16-at-19.00.22-2-1536x1152.jpeg 1536w, https:\/\/alexjmarques.com.br\/amaralemelo\/wp-content\/uploads\/2024\/03\/WhatsApp-Image-2024-01-16-at-19.00.22-2-2048x1536.jpeg 2048w\" sizes=\"(max-width: 300px) 100vw, 300px\" \/><\/div>\n\t\t<\/a>\n\t\t\t\t<div class=\"elementor-post__text\">\n\t\t\t\t<h3 class=\"elementor-post__title\">\n\t\t\t<a href=\"https:\/\/alexjmarques.com.br\/amaralemelo\/na-midia\/banca-amaral-e-melo-advogados-contrata-advogadoa-civel-e-estagiarioa-de-direito\/\">\n\t\t\t\tBanca Amaral e Melo Advogados contrata advogado(a) c\u00edvel e estagi\u00e1rio(a) de Direito\t\t\t<\/a>\n\t\t<\/h3>\n\t\t\t\t<\/div>\n\t\t\t\t<\/article>\n\t\t\t\t<article class=\"elementor-post elementor-grid-item post-13615 post type-post status-publish format-standard has-post-thumbnail hentry category-na-midia\" role=\"listitem\">\n\t\t\t\t<a class=\"elementor-post__thumbnail__link\" href=\"https:\/\/alexjmarques.com.br\/amaralemelo\/na-midia\/como-declarar-areas-arrendadas-e-parcerias-rurais-de-forma-correta\/\" tabindex=\"-1\">\n\t\t\t<div class=\"elementor-post__thumbnail\"><img loading=\"lazy\" decoding=\"async\" width=\"800\" height=\"534\" src=\"https:\/\/alexjmarques.com.br\/amaralemelo\/wp-content\/uploads\/2025\/06\/contrato-de-parceria-rural-agronota-1024x683-1-800x534.png\" class=\"attachment-medium size-medium wp-image-16244\" alt=\"\" srcset=\"https:\/\/alexjmarques.com.br\/amaralemelo\/wp-content\/uploads\/2025\/06\/contrato-de-parceria-rural-agronota-1024x683-1-800x534.png 800w, https:\/\/alexjmarques.com.br\/amaralemelo\/wp-content\/uploads\/2025\/06\/contrato-de-parceria-rural-agronota-1024x683-1-500x333.png 500w, https:\/\/alexjmarques.com.br\/amaralemelo\/wp-content\/uploads\/2025\/06\/contrato-de-parceria-rural-agronota-1024x683-1-768x512.png 768w, https:\/\/alexjmarques.com.br\/amaralemelo\/wp-content\/uploads\/2025\/06\/contrato-de-parceria-rural-agronota-1024x683-1.png 1024w\" sizes=\"(max-width: 800px) 100vw, 800px\" \/><\/div>\n\t\t<\/a>\n\t\t\t\t<div class=\"elementor-post__text\">\n\t\t\t\t<h3 class=\"elementor-post__title\">\n\t\t\t<a href=\"https:\/\/alexjmarques.com.br\/amaralemelo\/na-midia\/como-declarar-areas-arrendadas-e-parcerias-rurais-de-forma-correta\/\">\n\t\t\t\tComo declarar \u00e1reas arrendadas e parcerias rurais de forma correta\t\t\t<\/a>\n\t\t<\/h3>\n\t\t\t\t<\/div>\n\t\t\t\t<\/article>\n\t\t\t\t<article class=\"elementor-post elementor-grid-item post-12670 post type-post status-publish format-standard has-post-thumbnail hentry category-na-midia\" role=\"listitem\">\n\t\t\t\t<a class=\"elementor-post__thumbnail__link\" href=\"https:\/\/alexjmarques.com.br\/amaralemelo\/na-midia\/cobranca-indevida-de-itbi-sobre-imovel-rural-recebe-favoravel-na-justica\/\" tabindex=\"-1\">\n\t\t\t<div class=\"elementor-post__thumbnail\"><img loading=\"lazy\" decoding=\"async\" width=\"800\" height=\"420\" src=\"https:\/\/alexjmarques.com.br\/amaralemelo\/wp-content\/uploads\/2025\/02\/Cobranca-indevida-do-ITBI-o-que-fazer-1024x538-1-800x420.jpg\" class=\"attachment-medium size-medium wp-image-16245\" alt=\"\" srcset=\"https:\/\/alexjmarques.com.br\/amaralemelo\/wp-content\/uploads\/2025\/02\/Cobranca-indevida-do-ITBI-o-que-fazer-1024x538-1-800x420.jpg 800w, https:\/\/alexjmarques.com.br\/amaralemelo\/wp-content\/uploads\/2025\/02\/Cobranca-indevida-do-ITBI-o-que-fazer-1024x538-1-500x263.jpg 500w, https:\/\/alexjmarques.com.br\/amaralemelo\/wp-content\/uploads\/2025\/02\/Cobranca-indevida-do-ITBI-o-que-fazer-1024x538-1-768x404.jpg 768w, https:\/\/alexjmarques.com.br\/amaralemelo\/wp-content\/uploads\/2025\/02\/Cobranca-indevida-do-ITBI-o-que-fazer-1024x538-1.jpg 1024w\" sizes=\"(max-width: 800px) 100vw, 800px\" \/><\/div>\n\t\t<\/a>\n\t\t\t\t<div class=\"elementor-post__text\">\n\t\t\t\t<h3 class=\"elementor-post__title\">\n\t\t\t<a href=\"https:\/\/alexjmarques.com.br\/amaralemelo\/na-midia\/cobranca-indevida-de-itbi-sobre-imovel-rural-recebe-favoravel-na-justica\/\">\n\t\t\t\tCobran\u00e7a indevida de ITBI sobre im\u00f3vel rural recebe favor\u00e1vel na Justi\u00e7a\t\t\t<\/a>\n\t\t<\/h3>\n\t\t\t\t<\/div>\n\t\t\t\t<\/article>\n\t\t\t\t<\/div>\n\t\t\n\t\t\t\t\t\t<\/div>\n\t\t\t\t<\/div>\n\t\t\t\t\t<\/div>\n\t\t<\/div>\n\t\t\t\t\t<\/div>\n\t\t<\/section>\n\t\t<div data-particle_enable=\"false\" data-particle-mobile-disabled=\"false\" class=\"elementor-element elementor-element-61b9799f e-flex e-con-boxed e-con e-parent\" data-id=\"61b9799f\" data-element_type=\"container\" data-settings=\"{&quot;background_background&quot;:&quot;classic&quot;}\">\n\t\t\t\t\t<div class=\"e-con-inner\">\n\t\t<div data-particle_enable=\"false\" data-particle-mobile-disabled=\"false\" class=\"elementor-element elementor-element-b5b8317 e-con-full e-flex e-con e-child\" data-id=\"b5b8317\" data-element_type=\"container\">\n\t\t\t\t<div class=\"elementor-element elementor-element-4466ffaa elementor-widget elementor-widget-heading\" data-id=\"4466ffaa\" data-element_type=\"widget\" data-widget_type=\"heading.default\">\n\t\t\t\t<div class=\"elementor-widget-container\">\n\t\t\t\t\t<h2 class=\"elementor-heading-title elementor-size-default\">V\u00eddeos<\/h2>\t\t\t\t<\/div>\n\t\t\t\t<\/div>\n\t\t\t\t<div class=\"elementor-element elementor-element-48974fd3 elementor-widget elementor-widget-loop-carousel\" data-id=\"48974fd3\" data-element_type=\"widget\" data-settings=\"{&quot;template_id&quot;:&quot;14293&quot;,&quot;slides_to_show&quot;:&quot;1&quot;,&quot;_skin&quot;:&quot;post&quot;,&quot;slides_to_show_tablet&quot;:&quot;2&quot;,&quot;slides_to_show_mobile&quot;:&quot;1&quot;,&quot;slides_to_scroll&quot;:&quot;1&quot;,&quot;edit_handle_selector&quot;:&quot;.elementor-loop-container&quot;,&quot;autoplay&quot;:&quot;yes&quot;,&quot;autoplay_speed&quot;:5000,&quot;pause_on_hover&quot;:&quot;yes&quot;,&quot;pause_on_interaction&quot;:&quot;yes&quot;,&quot;infinite&quot;:&quot;yes&quot;,&quot;speed&quot;:500,&quot;offset_sides&quot;:&quot;none&quot;,&quot;image_spacing_custom&quot;:{&quot;unit&quot;:&quot;px&quot;,&quot;size&quot;:10,&quot;sizes&quot;:[]},&quot;image_spacing_custom_tablet&quot;:{&quot;unit&quot;:&quot;px&quot;,&quot;size&quot;:&quot;&quot;,&quot;sizes&quot;:[]},&quot;image_spacing_custom_mobile&quot;:{&quot;unit&quot;:&quot;px&quot;,&quot;size&quot;:&quot;&quot;,&quot;sizes&quot;:[]}}\" data-widget_type=\"loop-carousel.post\">\n\t\t\t\t<div class=\"elementor-widget-container\">\n\t\t\t\t\t\t\t<div class=\"swiper elementor-loop-container elementor-grid\" role=\"list\" dir=\"ltr\">\n\t\t\t\t<div class=\"swiper-wrapper\" aria-live=\"off\">\n\t\t<style id=\"loop-dynamic-14293\">.e-loop-item-13622 .elementor-element.elementor-element-e527b63:not(.elementor-motion-effects-element-type-background), .e-loop-item-13622 .elementor-element.elementor-element-e527b63 > .elementor-motion-effects-container > .elementor-motion-effects-layer{background-image:url(\"https:\/\/alexjmarques.com.br\/amaralemelo\/wp-content\/uploads\/2024\/09\/WhatsApp-Image-2024-09-27-at-10.33.34.jpeg\");}<\/style>\t\t<div data-elementor-type=\"loop-item\" data-elementor-id=\"14293\" class=\"elementor elementor-14293 swiper-slide e-loop-item e-loop-item-13622 post-13622 post type-post status-publish format-standard has-post-thumbnail hentry category-videos\" data-elementor-post-type=\"elementor_library\" role=\"group\" aria-roledescription=\"slide\" data-custom-edit-handle=\"1\">\n\t\t\t<a data-particle_enable=\"false\" data-particle-mobile-disabled=\"false\" class=\"elementor-element elementor-element-e527b63 e-con-full e-flex e-con e-child\" data-id=\"e527b63\" data-element_type=\"container\" data-settings=\"{&quot;background_background&quot;:&quot;classic&quot;}\" href=\"https:\/\/alexjmarques.com.br\/amaralemelo\/videos\/parceria-rural-ou-arrendamento-declare-certo-e-evite-multas\/\">\n\t\t\t\t<div class=\"elementor-element elementor-element-49b4623 elementor-widget__width-initial elementor-widget-mobile__width-inherit elementor-widget elementor-widget-heading\" data-id=\"49b4623\" data-element_type=\"widget\" data-widget_type=\"heading.default\">\n\t\t\t\t<div class=\"elementor-widget-container\">\n\t\t\t\t\t<h2 class=\"elementor-heading-title elementor-size-default\">Parceria Rural ou Arrendamento? Declare certo e evite multas<\/h2>\t\t\t\t<\/div>\n\t\t\t\t<\/div>\n\t\t\t\t<\/a>\n\t\t\t\t<\/div>\n\t\t<style id=\"loop-dynamic-14293\">.e-loop-item-10768 .elementor-element.elementor-element-e527b63:not(.elementor-motion-effects-element-type-background), .e-loop-item-10768 .elementor-element.elementor-element-e527b63 > .elementor-motion-effects-container > .elementor-motion-effects-layer{background-image:url(\"https:\/\/alexjmarques.com.br\/amaralemelo\/wp-content\/uploads\/2024\/08\/WhatsApp-Image-2024-09-27-at-08.49.49.jpeg\");}<\/style>\t\t<div data-elementor-type=\"loop-item\" data-elementor-id=\"14293\" class=\"elementor elementor-14293 swiper-slide e-loop-item e-loop-item-10768 post-10768 post type-post status-publish format-standard has-post-thumbnail hentry category-na-midia category-videos\" data-elementor-post-type=\"elementor_library\" role=\"group\" aria-roledescription=\"slide\" data-custom-edit-handle=\"1\">\n\t\t\t<a data-particle_enable=\"false\" data-particle-mobile-disabled=\"false\" class=\"elementor-element elementor-element-e527b63 e-con-full e-flex e-con e-child\" data-id=\"e527b63\" data-element_type=\"container\" data-settings=\"{&quot;background_background&quot;:&quot;classic&quot;}\" href=\"https:\/\/alexjmarques.com.br\/amaralemelo\/videos\/pedidos-de-rj-como-fica-o-cliente-no-caso-da-agrogalaxy-se-o-produtor-tem-a-receber\/\">\n\t\t\t\t<div class=\"elementor-element elementor-element-49b4623 elementor-widget__width-initial elementor-widget-mobile__width-inherit elementor-widget elementor-widget-heading\" data-id=\"49b4623\" data-element_type=\"widget\" data-widget_type=\"heading.default\">\n\t\t\t\t<div class=\"elementor-widget-container\">\n\t\t\t\t\t<h2 class=\"elementor-heading-title elementor-size-default\">Pedidos de RJ, como fica o cliente, no caso da AgroGalaxy se o produtor tem a receber.<\/h2>\t\t\t\t<\/div>\n\t\t\t\t<\/div>\n\t\t\t\t<\/a>\n\t\t\t\t<\/div>\n\t\t\t\t<div data-elementor-type=\"loop-item\" data-elementor-id=\"14293\" class=\"elementor elementor-14293 swiper-slide e-loop-item e-loop-item-10770 post-10770 post type-post status-publish format-standard hentry category-na-midia category-videos\" data-elementor-post-type=\"elementor_library\" role=\"group\" aria-roledescription=\"slide\" data-custom-edit-handle=\"1\">\n\t\t\t<a data-particle_enable=\"false\" data-particle-mobile-disabled=\"false\" class=\"elementor-element elementor-element-e527b63 e-con-full e-flex e-con e-child\" data-id=\"e527b63\" data-element_type=\"container\" data-settings=\"{&quot;background_background&quot;:&quot;classic&quot;}\" href=\"https:\/\/alexjmarques.com.br\/amaralemelo\/videos\/analise-plano-safra-2425\/\">\n\t\t\t\t<div class=\"elementor-element elementor-element-49b4623 elementor-widget__width-initial elementor-widget-mobile__width-inherit elementor-widget elementor-widget-heading\" data-id=\"49b4623\" data-element_type=\"widget\" data-widget_type=\"heading.default\">\n\t\t\t\t<div class=\"elementor-widget-container\">\n\t\t\t\t\t<h2 class=\"elementor-heading-title elementor-size-default\">An\u00e1lise plano safra 24|25<\/h2>\t\t\t\t<\/div>\n\t\t\t\t<\/div>\n\t\t\t\t<\/a>\n\t\t\t\t<\/div>\n\t\t\t\t<\/div>\n\t\t<\/div>\n\t\t\t\t\t\t<\/div>\n\t\t\t\t<\/div>\n\t\t\t\t<\/div>\n\t\t<div data-particle_enable=\"false\" data-particle-mobile-disabled=\"false\" class=\"elementor-element elementor-element-77acd7d7 e-con-full e-flex e-con e-child\" data-id=\"77acd7d7\" data-element_type=\"container\">\n\t\t\t\t<div class=\"elementor-element elementor-element-e23cee4 elementor-widget elementor-widget-spacer\" data-id=\"e23cee4\" data-element_type=\"widget\" data-widget_type=\"spacer.default\">\n\t\t\t\t<div class=\"elementor-widget-container\">\n\t\t\t\t\t\t\t<div class=\"elementor-spacer\">\n\t\t\t<div class=\"elementor-spacer-inner\"><\/div>\n\t\t<\/div>\n\t\t\t\t\t\t<\/div>\n\t\t\t\t<\/div>\n\t\t\t\t<div class=\"elementor-element elementor-element-394e69b9 elementor-grid-1 elementor-posts--thumbnail-left elementor-posts--align-left elementor-grid-tablet-1 elementor-grid-mobile-1 elementor-widget elementor-widget-posts\" data-id=\"394e69b9\" data-element_type=\"widget\" data-settings=\"{&quot;classic_columns&quot;:&quot;1&quot;,&quot;classic_row_gap&quot;:{&quot;unit&quot;:&quot;px&quot;,&quot;size&quot;:20,&quot;sizes&quot;:[]},&quot;classic_columns_tablet&quot;:&quot;1&quot;,&quot;classic_columns_mobile&quot;:&quot;1&quot;,&quot;classic_row_gap_tablet&quot;:{&quot;unit&quot;:&quot;px&quot;,&quot;size&quot;:&quot;&quot;,&quot;sizes&quot;:[]},&quot;classic_row_gap_mobile&quot;:{&quot;unit&quot;:&quot;px&quot;,&quot;size&quot;:&quot;&quot;,&quot;sizes&quot;:[]}}\" data-widget_type=\"posts.classic\">\n\t\t\t\t<div class=\"elementor-widget-container\">\n\t\t\t\t\t\t\t<div class=\"elementor-posts-container elementor-posts elementor-posts--skin-classic elementor-grid\" role=\"list\">\n\t\t\t\t<article class=\"elementor-post elementor-grid-item post-15713 post type-post status-publish format-standard has-post-thumbnail hentry category-artigos category-destaque tag-agronegocio tag-arrendamento-rural tag-contrato-de-gaveta tag-direito-tributario tag-fiscalizacao-receita-federal tag-lcdpr tag-multa-dirpf tag-obrigacao-acessoria tag-parceria-rural tag-planejamento-tributario-agro tag-produtor-rural tag-risco-fiscal\" role=\"listitem\">\n\t\t\t\t<a class=\"elementor-post__thumbnail__link\" href=\"https:\/\/alexjmarques.com.br\/amaralemelo\/artigos\/contrato-de-gaveta-agronegocio\/\" tabindex=\"-1\">\n\t\t\t<div class=\"elementor-post__thumbnail\"><img loading=\"lazy\" decoding=\"async\" width=\"1114\" height=\"627\" src=\"https:\/\/alexjmarques.com.br\/amaralemelo\/wp-content\/uploads\/2025\/08\/ICMS-retroativo-na-transferencia-de-gado-como-a-ma-modulacao-gerou-caos-e-como-o-STF-enfim-corrigiu-o-rumo.png\" class=\"attachment-full size-full wp-image-15688\" alt=\"ICMS retroativo na transfer\u00eancia de gado: como a m\u00e1 modula\u00e7\u00e3o gerou caos e como o STF enfim corrigiu o rumo\" srcset=\"https:\/\/alexjmarques.com.br\/amaralemelo\/wp-content\/uploads\/2025\/08\/ICMS-retroativo-na-transferencia-de-gado-como-a-ma-modulacao-gerou-caos-e-como-o-STF-enfim-corrigiu-o-rumo.png 1114w, https:\/\/alexjmarques.com.br\/amaralemelo\/wp-content\/uploads\/2025\/08\/ICMS-retroativo-na-transferencia-de-gado-como-a-ma-modulacao-gerou-caos-e-como-o-STF-enfim-corrigiu-o-rumo-300x169.png 300w, https:\/\/alexjmarques.com.br\/amaralemelo\/wp-content\/uploads\/2025\/08\/ICMS-retroativo-na-transferencia-de-gado-como-a-ma-modulacao-gerou-caos-e-como-o-STF-enfim-corrigiu-o-rumo-1024x576.png 1024w, https:\/\/alexjmarques.com.br\/amaralemelo\/wp-content\/uploads\/2025\/08\/ICMS-retroativo-na-transferencia-de-gado-como-a-ma-modulacao-gerou-caos-e-como-o-STF-enfim-corrigiu-o-rumo-768x432.png 768w\" sizes=\"(max-width: 1114px) 100vw, 1114px\" \/><\/div>\n\t\t<\/a>\n\t\t\t\t<div class=\"elementor-post__text\">\n\t\t\t\t<h3 class=\"elementor-post__title\">\n\t\t\t<a href=\"https:\/\/alexjmarques.com.br\/amaralemelo\/artigos\/contrato-de-gaveta-agronegocio\/\">\n\t\t\t\tO Contrato de Arrendamento de Gaveta no Agro &#8211; A Garantia que Custou R$ 1 Milh\u00e3o e Colocou Parceiros em Risco\t\t\t<\/a>\n\t\t<\/h3>\n\t\t\t\t<\/div>\n\t\t\t\t<\/article>\n\t\t\t\t<article class=\"elementor-post elementor-grid-item post-15686 post type-post status-publish format-standard has-post-thumbnail hentry category-artigos category-3-minutos-ja-bastam tag-stf tag-adc-49 tag-agronegocio tag-autuacao-fiscal tag-cobranca-retroativa tag-direito-tributario tag-icms tag-mato-grosso tag-modulacao-de-efeitos tag-produtor-rural tag-restituicao-de-imposto tag-seguranca-juridica tag-transferencia-de-gado\" role=\"listitem\">\n\t\t\t\t<a class=\"elementor-post__thumbnail__link\" href=\"https:\/\/alexjmarques.com.br\/amaralemelo\/artigos\/icms-retroativo-transferencia-de-gado\/\" tabindex=\"-1\">\n\t\t\t<div class=\"elementor-post__thumbnail\"><img loading=\"lazy\" decoding=\"async\" width=\"1114\" height=\"627\" src=\"https:\/\/alexjmarques.com.br\/amaralemelo\/wp-content\/uploads\/2025\/08\/ICMS-retroativo-na-transferencia-de-gado-como-a-ma-modulacao-gerou-caos-e-como-o-STF-enfim-corrigiu-o-rumo.png\" class=\"attachment-full size-full wp-image-15688\" alt=\"ICMS retroativo na transfer\u00eancia de gado: como a m\u00e1 modula\u00e7\u00e3o gerou caos e como o STF enfim corrigiu o rumo\" srcset=\"https:\/\/alexjmarques.com.br\/amaralemelo\/wp-content\/uploads\/2025\/08\/ICMS-retroativo-na-transferencia-de-gado-como-a-ma-modulacao-gerou-caos-e-como-o-STF-enfim-corrigiu-o-rumo.png 1114w, https:\/\/alexjmarques.com.br\/amaralemelo\/wp-content\/uploads\/2025\/08\/ICMS-retroativo-na-transferencia-de-gado-como-a-ma-modulacao-gerou-caos-e-como-o-STF-enfim-corrigiu-o-rumo-300x169.png 300w, https:\/\/alexjmarques.com.br\/amaralemelo\/wp-content\/uploads\/2025\/08\/ICMS-retroativo-na-transferencia-de-gado-como-a-ma-modulacao-gerou-caos-e-como-o-STF-enfim-corrigiu-o-rumo-1024x576.png 1024w, https:\/\/alexjmarques.com.br\/amaralemelo\/wp-content\/uploads\/2025\/08\/ICMS-retroativo-na-transferencia-de-gado-como-a-ma-modulacao-gerou-caos-e-como-o-STF-enfim-corrigiu-o-rumo-768x432.png 768w\" sizes=\"(max-width: 1114px) 100vw, 1114px\" \/><\/div>\n\t\t<\/a>\n\t\t\t\t<div class=\"elementor-post__text\">\n\t\t\t\t<h3 class=\"elementor-post__title\">\n\t\t\t<a href=\"https:\/\/alexjmarques.com.br\/amaralemelo\/artigos\/icms-retroativo-transferencia-de-gado\/\">\n\t\t\t\tICMS retroativo na transfer\u00eancia de gado: como a m\u00e1 modula\u00e7\u00e3o gerou caos e como o STF enfim corrigiu o rumo\t\t\t<\/a>\n\t\t<\/h3>\n\t\t\t\t<\/div>\n\t\t\t\t<\/article>\n\t\t\t\t<article class=\"elementor-post elementor-grid-item post-15284 post type-post status-publish format-standard has-post-thumbnail hentry category-artigos tag-agronegocio tag-estrategias-agro tag-exportacoes tag-mercados-internacionais tag-tarifaco tag-taxacoes tag-trump\" role=\"listitem\">\n\t\t\t\t<a class=\"elementor-post__thumbnail__link\" href=\"https:\/\/alexjmarques.com.br\/amaralemelo\/artigos\/tarifaco-de-trump-como-a-taxacao-pode-redesenhar-o-agronegocio-brasileiro\/\" tabindex=\"-1\">\n\t\t\t<div class=\"elementor-post__thumbnail\"><img loading=\"lazy\" decoding=\"async\" width=\"896\" height=\"504\" src=\"https:\/\/alexjmarques.com.br\/amaralemelo\/wp-content\/uploads\/2025\/07\/Tarifaco-Taxacoes-Donald-Trump-e-os-impactos-no-agronegocio.jpg\" class=\"attachment-full size-full wp-image-15285\" alt=\"Tarifa\u00e7o (Taxa\u00e7\u00f5es Donald Trump) e os impactos no agroneg\u00f3cio\" srcset=\"https:\/\/alexjmarques.com.br\/amaralemelo\/wp-content\/uploads\/2025\/07\/Tarifaco-Taxacoes-Donald-Trump-e-os-impactos-no-agronegocio.jpg 896w, https:\/\/alexjmarques.com.br\/amaralemelo\/wp-content\/uploads\/2025\/07\/Tarifaco-Taxacoes-Donald-Trump-e-os-impactos-no-agronegocio-300x169.jpg 300w, https:\/\/alexjmarques.com.br\/amaralemelo\/wp-content\/uploads\/2025\/07\/Tarifaco-Taxacoes-Donald-Trump-e-os-impactos-no-agronegocio-768x432.jpg 768w, https:\/\/alexjmarques.com.br\/amaralemelo\/wp-content\/uploads\/2025\/07\/Tarifaco-Taxacoes-Donald-Trump-e-os-impactos-no-agronegocio-150x84.jpg 150w\" sizes=\"(max-width: 896px) 100vw, 896px\" \/><\/div>\n\t\t<\/a>\n\t\t\t\t<div class=\"elementor-post__text\">\n\t\t\t\t<h3 class=\"elementor-post__title\">\n\t\t\t<a href=\"https:\/\/alexjmarques.com.br\/amaralemelo\/artigos\/tarifaco-de-trump-como-a-taxacao-pode-redesenhar-o-agronegocio-brasileiro\/\">\n\t\t\t\tTarifa\u00e7o de Trump: como a taxa\u00e7\u00e3o pode redesenhar o Agroneg\u00f3cio Brasileiro?\t\t\t<\/a>\n\t\t<\/h3>\n\t\t\t\t<\/div>\n\t\t\t\t<\/article>\n\t\t\t\t<\/div>\n\t\t\n\t\t\t\t\t\t<\/div>\n\t\t\t\t<\/div>\n\t\t\t\t<\/div>\n\t\t\t\t\t<\/div>\n\t\t\t\t<\/div>\n\t\t<div data-particle_enable=\"false\" data-particle-mobile-disabled=\"false\" class=\"elementor-element elementor-element-13294c5 e-flex e-con-boxed e-con e-parent\" data-id=\"13294c5\" data-element_type=\"container\" data-settings=\"{&quot;background_background&quot;:&quot;classic&quot;}\">\n\t\t\t\t\t<div class=\"e-con-inner\">\n\t\t<div data-particle_enable=\"false\" data-particle-mobile-disabled=\"false\" class=\"elementor-element elementor-element-464f10f9 e-con-full e-flex e-con e-child\" data-id=\"464f10f9\" data-element_type=\"container\">\n\t\t<div data-particle_enable=\"false\" data-particle-mobile-disabled=\"false\" class=\"elementor-element elementor-element-1b6e4852 e-con-full e-flex e-con e-child\" data-id=\"1b6e4852\" data-element_type=\"container\">\n\t\t\t\t<div class=\"elementor-element elementor-element-582a66b elementor-widget__width-inherit elementor-widget elementor-widget-heading\" data-id=\"582a66b\" data-element_type=\"widget\" data-widget_type=\"heading.default\">\n\t\t\t\t<div class=\"elementor-widget-container\">\n\t\t\t\t\t<h2 class=\"elementor-heading-title elementor-size-default\">Assine nossa Newsletter<\/h2>\t\t\t\t<\/div>\n\t\t\t\t<\/div>\n\t\t\t\t<div class=\"elementor-element elementor-element-5635fe50 elementor-widget elementor-widget-text-editor\" data-id=\"5635fe50\" data-element_type=\"widget\" data-widget_type=\"text-editor.default\">\n\t\t\t\t<div class=\"elementor-widget-container\">\n\t\t\t\t\t\t\t\t\t<p>Feel free to send us your questions or request a free consultation.<\/p>\t\t\t\t\t\t\t\t<\/div>\n\t\t\t\t<\/div>\n\t\t\t\t<\/div>\n\t\t\t\t<div class=\"elementor-element elementor-element-6cf397a3 elementor-widget__width-initial elementor-button-align-stretch elementor-widget elementor-widget-form\" data-id=\"6cf397a3\" data-element_type=\"widget\" data-settings=\"{&quot;button_width&quot;:&quot;20&quot;,&quot;step_next_label&quot;:&quot;Pr\\u00f3ximo&quot;,&quot;step_previous_label&quot;:&quot;Anterior&quot;,&quot;step_type&quot;:&quot;number_text&quot;,&quot;step_icon_shape&quot;:&quot;circle&quot;}\" data-widget_type=\"form.default\">\n\t\t\t\t<div class=\"elementor-widget-container\">\n\t\t\t\t\t\t\t<form class=\"elementor-form\" method=\"post\" name=\"Novo formul\u00e1rio\" aria-label=\"Novo formul\u00e1rio\">\n\t\t\t<input type=\"hidden\" name=\"post_id\" value=\"15848\"\/>\n\t\t\t<input type=\"hidden\" name=\"form_id\" value=\"6cf397a3\"\/>\n\t\t\t<input type=\"hidden\" name=\"referer_title\" value=\"\" \/>\n\n\t\t\t\n\t\t\t<div class=\"elementor-form-fields-wrapper elementor-labels-\">\n\t\t\t\t\t\t\t\t<div class=\"elementor-field-type-text elementor-field-group elementor-column elementor-field-group-name elementor-col-40 elementor-sm-100\">\n\t\t\t\t\t\t\t\t\t\t\t\t<label for=\"form-field-name\" class=\"elementor-field-label elementor-screen-only\">\n\t\t\t\t\t\t\t\tNome\t\t\t\t\t\t\t<\/label>\n\t\t\t\t\t\t\t\t\t\t\t\t\t\t<input size=\"1\" type=\"text\" name=\"form_fields[name]\" id=\"form-field-name\" class=\"elementor-field elementor-size-lg  elementor-field-textual\" placeholder=\"Nome\">\n\t\t\t\t\t\t\t\t\t\t\t<\/div>\n\t\t\t\t\t\t\t\t<div class=\"elementor-field-type-email elementor-field-group elementor-column elementor-field-group-email elementor-col-40 elementor-field-required\">\n\t\t\t\t\t\t\t\t\t\t\t\t<label for=\"form-field-email\" class=\"elementor-field-label elementor-screen-only\">\n\t\t\t\t\t\t\t\tE-mail\t\t\t\t\t\t\t<\/label>\n\t\t\t\t\t\t\t\t\t\t\t\t\t\t<input size=\"1\" type=\"email\" name=\"form_fields[email]\" id=\"form-field-email\" class=\"elementor-field elementor-size-lg  elementor-field-textual\" placeholder=\"E-mail\" required=\"required\">\n\t\t\t\t\t\t\t\t\t\t\t<\/div>\n\t\t\t\t\t\t\t\t<div class=\"elementor-field-group elementor-column elementor-field-type-submit elementor-col-20 e-form__buttons\">\n\t\t\t\t\t<button class=\"elementor-button elementor-size-lg\" type=\"submit\">\n\t\t\t\t\t\t<span class=\"elementor-button-content-wrapper\">\n\t\t\t\t\t\t\t\t\t\t\t\t\t\t\t\t\t\t\t\t\t\t<span class=\"elementor-button-text\">Inscrever<\/span>\n\t\t\t\t\t\t\t\t\t\t\t\t\t<\/span>\n\t\t\t\t\t<\/button>\n\t\t\t\t<\/div>\n\t\t\t<\/div>\n\t\t<\/form>\n\t\t\t\t\t\t<\/div>\n\t\t\t\t<\/div>\n\t\t\t\t<\/div>\n\t\t\t\t\t<\/div>\n\t\t\t\t<\/div>\n\t\t\t\t<\/div>\n\t\t","protected":false},"excerpt":{"rendered":"<p>Refer\u00eancia em conhecimento jur\u00eddico e tribut\u00e1rio Nossos especialistas unem experi\u00eancia pr\u00e1tica e vis\u00e3o cr\u00edtica para entregar an\u00e1lises completas, capazes de contextualizar mudan\u00e7as legislativas, impactos econ\u00f4micos<\/p>\n","protected":false},"author":1,"featured_media":0,"parent":0,"menu_order":0,"comment_status":"closed","ping_status":"closed","template":"elementor_header_footer","meta":{"_eb_attr":"","footnotes":""},"class_list":["post-15848","page","type-page","status-publish","hentry"],"_links":{"self":[{"href":"https:\/\/alexjmarques.com.br\/amaralemelo\/wp-json\/wp\/v2\/pages\/15848","targetHints":{"allow":["GET"]}}],"collection":[{"href":"https:\/\/alexjmarques.com.br\/amaralemelo\/wp-json\/wp\/v2\/pages"}],"about":[{"href":"https:\/\/alexjmarques.com.br\/amaralemelo\/wp-json\/wp\/v2\/types\/page"}],"author":[{"embeddable":true,"href":"https:\/\/alexjmarques.com.br\/amaralemelo\/wp-json\/wp\/v2\/users\/1"}],"replies":[{"embeddable":true,"href":"https:\/\/alexjmarques.com.br\/amaralemelo\/wp-json\/wp\/v2\/comments?post=15848"}],"version-history":[{"count":175,"href":"https:\/\/alexjmarques.com.br\/amaralemelo\/wp-json\/wp\/v2\/pages\/15848\/revisions"}],"predecessor-version":[{"id":16237,"href":"https:\/\/alexjmarques.com.br\/amaralemelo\/wp-json\/wp\/v2\/pages\/15848\/revisions\/16237"}],"wp:attachment":[{"href":"https:\/\/alexjmarques.com.br\/amaralemelo\/wp-json\/wp\/v2\/media?parent=15848"}],"curies":[{"name":"wp","href":"https:\/\/api.w.org\/{rel}","templated":true}]}}